{"id":2913,"date":"2023-05-08T15:53:05","date_gmt":"2023-05-08T13:53:05","guid":{"rendered":"https:\/\/feel-well.ch\/politica-di-protezione-dei-dati-personali\/"},"modified":"2024-04-27T23:56:45","modified_gmt":"2024-04-27T21:56:45","slug":"politica-di-protezione-dei-dati-personali","status":"publish","type":"page","link":"https:\/\/feel-well.ch\/it\/politica-di-protezione-dei-dati-personali\/","title":{"rendered":"Politica di protezione dei dati personali"},"content":{"rendered":"\n<p class=\"\">Habefast Group S\u00e0rl si preoccupa della protezione e della riservatezza dei dati personali e si impegna a garantire il massimo livello di protezione dei tuoi dati personali in conformit\u00e0 con la normativa vigente in materia di protezione dei dati personali (nLPD).<\/p>\n\n<p class=\"\">Lo scopo di questa informativa sulla privacy \u00e8 quello di informarti sulle misure pratiche e sugli impegni presi da Habefast Group S\u00e0rl per garantire il rispetto e la protezione dei tuoi dati personali quando utilizzi i nostri servizi.<\/p>\n\n<p class=\"\">Si applica a tutti i servizi (applicazioni web, applicazioni mobili, servizi di matchmaking, ecc.) pubblicati e forniti da Habefast Group S\u00e0rl dai vari Siti e Applicazioni. Riguarda tutti i visitatori dei nostri Siti e gli utenti dei nostri Servizi. I termini &#8220;noi&#8221;, &#8220;ci&#8221; e &#8220;nostro&#8221; si riferiscono a Habefast Group S\u00e0rl e ai Servizi da noi forniti.<\/p>\n\n<p class=\"\">I termini &#8220;tu&#8221; e &#8220;tuo&#8221; si riferiscono a tutti gli Utenti dei nostri Servizi o ai visitatori dei nostri Siti o Applicazioni.<\/p>\n\n<p class=\"\">La Carta si applica in aggiunta alle disposizioni delle Condizioni Generali di Utilizzo dei Servizi e delle Condizioni Generali di Vendita dei Servizi, ove esistenti.<\/p>\n\n<h2 class=\"c-heading wp-block-heading is-style-normal  \" style=\"text-transform:uppercase\">Dati raccolti<\/h2>\n\n<p class=\"\">Habefast Group S\u00e0rl tratta solo i dati personali strettamente necessari per le finalit\u00e0 sopra descritte. Oltre alle informazioni necessarie per metterti in contatto con noi (come il tuo nome e cognome, l&#8217;indirizzo e-mail, ecc.), ti verranno chieste solo informazioni relative alle tue competenze, capacit\u00e0 o prospettive professionali.<\/p>\n\n<h3 class=\"c-heading wp-block-heading is-style-normal  \">I dati forniti dall&#8217;utente<\/h3>\n\n<p class=\"\">I dati che trattiamo sono innanzitutto quelli che ci fornisci attraverso i nostri moduli di iscrizione. Questi sono i tuoi dati di identificazione e di contatto.<\/p>\n\n<p class=\"\">La natura obbligatoria dei dati raccolti \u00e8 indicata al momento della raccolta da un messaggio. Il conferimento di alcuni dati \u00e8 obbligatorio solo nel caso in cui sia necessario per elaborare la tua richiesta al fine di rispondere in modo appropriato alla tua richiesta.<\/p>\n\n<p class=\"\">Se i dati obbligatori non vengono forniti, non saremo in grado di fornirti il servizio che desideri.<\/p>\n\n<p class=\"\">Trattiamo anche i dati che l&#8217;utente carica sui nostri Siti e applicazioni. Non chiediamo mai informazioni sensibili (origine razziale o etnica, opinioni politiche, convinzioni religiose o filosofiche, appartenenza a sindacati, salute o orientamento sessuale). Ti consigliamo di non fornire tali dati quando utilizzi i nostri Servizi.<\/p>\n\n<h3 class=\"c-heading wp-block-heading is-style-normal  \">Dati sull&#8217;utilizzo dei nostri servizi<\/h3>\n\n<p class=\"\">Stabiliamo inoltre il profilo dell&#8217;utente in base al suo utilizzo e alla sua navigazione sui nostri Siti e Applicazioni. Ci\u00f2 include il tuo indirizzo IP o i dispositivi di connessione utilizzati, i tuoi dati di navigazione, i dati dei cookie (vedi sezione Cookie di seguito), la cronologia dei contatti, il settore di attivit\u00e0 a cui sei interessato, i messaggi che ti inviamo e i link che clicchi, i corsi di formazione consultati, il numero di pagine visualizzate, il numero di visite ai nostri Siti e l&#8217;attivit\u00e0 dei visitatori sui nostri Siti e la frequenza con cui ritornano (vedi sezione Dati di terze parti di seguito).<\/p>\n\n<h3 class=\"c-heading wp-block-heading is-style-normal  \">Dati di terze parti<\/h3>\n\n<p class=\"\">Riceviamo i tuoi dati personali quando utilizzi i moduli di contatto sul nostro sito. Il nostro obiettivo \u00e8 capire meglio come vengono utilizzati i nostri Siti e le nostre applicazioni e misurare il nostro pubblico e l&#8217;efficacia dei nostri Servizi per adattarli alle tue esigenze. Non raccogliamo i dati di terzi che l&#8217;utente potrebbe scrivere o pubblicare su siti di partner terzi.<\/p>\n\n<h2 class=\"c-heading wp-block-heading is-style-normal  \" style=\"text-transform:uppercase\">Destinatari dei dati raccolti<\/h2>\n\n<p class=\"\">I tuoi dati personali saranno utilizzati solo da persone identificate e autorizzate per gli scopi descritti nella presente informativa sulla privacy. Habefast Group S\u00e0rl si impegna a non cedere mai i tuoi dati personali a terzi per motivi estranei a queste finalit\u00e0.<\/p>\n\n<p class=\"\">I tuoi dati saranno trasmessi solo alle categorie di persone elencate di seguito:  <\/p>\n\n<ul class=\"c-list wp-block-list\">\n<li class=\"\">Servizi autorizzati di Habefast Group S\u00e0rl (team di implementazione tecnica, team di relazioni con i clienti)<\/li>\n\n\n\n<li class=\"\">I nostri fornitori di servizi tecnici: hosting, servizio di estrazione di dati non formattati, servizio di invio di e-mail, audit IT e fornitore di servizi di sicurezza.<\/li>\n<\/ul>\n\n<h2 class=\"c-heading wp-block-heading is-style-normal  \" style=\"text-transform:uppercase\">Sicurezza dei dati raccolti<\/h2>\n\n<p class=\"\">Habefast Group S\u00e0rl si impegna ad adottare una politica di sicurezza adeguata, che si traduce in una politica di sicurezza logica e fisica e in misure di sicurezza specificamente adattate alle nostre attivit\u00e0. All&#8217;interno delle nostre infrastrutture vengono effettuati diversi audit.<\/p>\n\n<p class=\"\">I team tecnici di Habefast Group S\u00e0rl sono pienamente consapevoli del RGPD e la protezione dei dati personali \u00e8 parte integrante della progettazione e del funzionamento delle applicazioni.<\/p>\n\n<p class=\"\">I seguenti principi regolano lo sviluppo di siti e applicazioni, sia in termini di infrastruttura tecnica (hosting sicuro e ridondante, politica di sicurezza e controllo degli accessi) che di applicazioni (sviluppo di siti e applicazioni):<\/p>\n\n<ul class=\"c-list wp-block-list\">\n<li class=\"\">Raccolta dati sicura  <\/li>\n\n\n\n<li class=\"\">Archiviazione che garantisce l&#8217;integrit\u00e0 e la riservatezza dei dati  <\/li>\n\n\n\n<li class=\"\">Proteggere gli ambienti di sviluppo  <\/li>\n\n\n\n<li class=\"\">Protezione dell&#8217;accesso ai dati  <\/li>\n\n\n\n<li class=\"\">Formazione regolare per i nostri team tecnici  <\/li>\n\n\n\n<li class=\"\">Limitazione volontaria dei subappalti (infrastrutture, servizi e sviluppo) e utilizzo di set di dati di prova anonimizzati.<\/li>\n<\/ul>\n\n<h2 class=\"c-heading wp-block-heading is-style-normal  \" style=\"text-transform:uppercase\">I tuoi diritti<\/h2>\n\n<p class=\"\">In conformit\u00e0 alla normativa, hai il diritto di accedere, rettificare, cancellare, opporti e trasferire tutti i dati che ti riguardano.<\/p>\n\n<p class=\"\">Hai anche il diritto di limitare il trattamento dei tuoi dati personali. Ogni persona ha inoltre il diritto di non essere oggetto di una decisione individuale basata esclusivamente su un trattamento automatizzato come la profilazione. Se hai acconsentito al trattamento dei dati personali, puoi revocare il tuo consenso in qualsiasi momento.<\/p>\n\n<p class=\"\">Puoi esercitare gratuitamente questi diritti, ad eccezione di quelli relativi alla trasmissione della sollecitazione, scrivendo ai seguenti indirizzi:<\/p>\n\n<ul class=\"c-list wp-block-list\">\n<li class=\"\">via e-mail: <strong>\n  <em>info@habefast.ch<\/em>\n<\/strong><\/li>\n\n\n\n<li class=\"\">per posta: <strong>\n  <em>Habefast Group S\u00e0rl, Route de Champ-Colin 18, 1260 Nyon, Svizzera<\/em>\n<\/strong><\/li>\n<\/ul>\n\n<h2 class=\"c-heading wp-block-heading is-style-normal  \" style=\"text-transform:uppercase\">Contatto<\/h2>\n\n<p class=\"\">Per qualsiasi informazione riguardante la politica di protezione dei dati personali attuata da Habefast Group S\u00e0rl, ti preghiamo di contattare il seguente indirizzo: <strong>\n  <em>Habefast Group S\u00e0rl, Route de Champ-Colin 18, 1260 Nyon, Svizzera<\/em>\n<\/strong><\/p>\n\n<h2 class=\"c-heading wp-block-heading is-style-normal  \" style=\"text-transform:uppercase\">Politica di gestione dei cookie<\/h2>\n\n<p class=\"\">Per maggiore chiarezza, specifichiamo come i nostri Siti e applicazioni di Habefast Group S\u00e0rl utilizzano i cookie. Non utilizziamo cookie di terze parti che non siano correlati agli scopi dei nostri Siti e Applicazioni. Quando visiti il nostro sito web, i cookie vengono installati sul tuo computer, tablet o smartphone. Le informazioni che seguono ti permetteranno di capire meglio come funzionano i cookie e come utilizzare gli strumenti attuali per configurarli.<\/p>\n\n<h3 class=\"c-heading wp-block-heading is-style-normal  \">Che cos&#8217;\u00e8 un biscotto?<\/h3>\n\n<p class=\"\">I cookie sono comunemente utilizzati su Internet. Un cookie \u00e8 un piccolo file di testo contenente informazioni che viene memorizzato sul tuo dispositivo (ad esempio, computer, tablet o telefono cellulare) e che ti consente di beneficiare di una migliore esperienza utente. Utilizziamo due tipi di cookie: cookie persistenti e cookie di sessione. Un cookie persistente ci permette di identificarti come utente esistente in modo che tu possa tornare o consultare i nostri Servizi senza dover inserire nuovamente il tuo identificativo. Una volta collegato, un cookie persistente rimane nel tuo browser e verr\u00e0 letto da Habefast Group S\u00e0rl quando tornerai su uno dei nostri Siti. I cookie di sessione esistono solo per la durata della sessione (di solito il tempo di una visita al sito web o di una sessione del browser).<\/p>\n\n<h3 class=\"c-heading wp-block-heading is-style-normal  \">Cookie mirati<\/h3>\n\n<p class=\"\">Possiamo utilizzare i cookie per visualizzare offerte mirate sia sulle nostre applicazioni che al di fuori di esse quando l&#8217;utente naviga su un altro sito. Un cookie pu\u00f2 anche essere utilizzato per sapere se, dopo aver visualizzato un contenuto su Habefast Group S\u00e0rl (ad esempio, una pubblicit\u00e0), un Utente ha successivamente visitato il sito del nostro Cliente (e, ad esempio, compilato un modulo). Lo scopo di questo cookie \u00e8 quello di misurare il nostro pubblico e la nostra capacit\u00e0 di trasformare la tua visita in un rapporto commerciale, sia che tu stia visitando i nostri Siti e applicazioni, sia che tu li abbia visitati.<\/p>\n\n<p class=\"\">I cookie di questa categoria ci permettono di contare il numero di visitatori del nostro sito web e di visualizzare il percorso seguito dall&#8217;utente. Questo ci permette di regolare e migliorare il funzionamento del nostro sito e di ottimizzarlo per rendere pi\u00f9 accessibili le informazioni che stai cercando.<\/p>\n\n<h3 class=\"c-heading wp-block-heading is-style-normal  \">Come posso gestire i cookie?<\/h3>\n\n<p class=\"\">Potremmo modificare i cookie utilizzati dopo la tua prima visita a questo sito web. La presente Politica sui cookie ti informa sull&#8217;origine dei cookie inseriti nel nostro sito, sugli scopi per cui vengono utilizzati e su come disattivarli. Ti invitiamo pertanto a consultarlo periodicamente.<\/p>\n\n<p class=\"\">Hai diverse opzioni per gestire i cookie. Le impostazioni effettuate possono influenzare la tua navigazione su Internet e le tue condizioni di accesso a determinati servizi che richiedono l&#8217;uso di cookie. Puoi scegliere in qualsiasi momento di esprimere e modificare i tuoi desideri in merito ai cookie, disattivandoli sul tuo browser web o rifiutando la creazione di cookie:<\/p>\n\n<p class=\"\"><strong>&#8211; Impostazioni del browser<\/strong> <br\/>Per Chrome: https: <em>\/\/support.google.com\/chrome\/answer\/95647?hl=fr&amp;hlrm=en<\/em> <br\/>Per Internet Explorer: https: <em>\/\/windows.microsoft.com\/fr-FR\/windows-vista\/Block-or-allow-Cookies <\/em> <br\/>Per FireFox: https: <em>\/\/support.mozilla.org\/fr\/kb\/cookies-informations-sites-enregistrent?redirectlocale=fr&amp;red %C3% <\/em> <br\/>Per Opera: http: <em>\/\/help.opera.com\/Windows\/10.20\/fr\/cookies.html<\/em><\/p>\n\n<p class=\"\"><strong>&#8211; Link di opt-out per i cookie di misurazione dell&#8217;audience (statistiche)  <\/strong><br\/>Per i cookie impostati da Google Analytics: https: <em>\/\/support.google.com\/analytics\/answer\/181881<\/em><\/p>\n\n<p class=\"\"><strong>&#8211; Link di opt-out per la condivisione dei cookie  <\/strong><br\/>Per i cookie inseriti da Facebook: https: <em>\/\/fr-fr.facebook.com\/help\/cookies <\/em> <br\/>Per i cookie impostati da Twitter: https: <em>\/\/support.twitter.com\/articles\/20170518-utilisation-des-cookies-etdes-technologies-similaires-par-twitter<\/em> <br\/>Per maggiori informazioni sui cookie, visita il sito web della CNIL all&#8217;indirizzo: https: <em>\/\/www.cnil.fr\/vos-droits\/vos-traces\/les-cookies\/<\/em><\/p>\n\n<h2 class=\"c-heading wp-block-heading is-style-normal  \" style=\"text-transform:uppercase\">Aggiornamento della politica di protezione dei dati<\/h2>\n\n<p class=\"\">La nostra politica sulla privacy pu\u00f2 essere modificata in qualsiasi momento. In caso di modifica, la nuova politica di riservatezza verr\u00e0 notificata al momento della connessione all&#8217;applicazione.<\/p>\n","protected":false},"excerpt":{"rendered":"<p>Habefast Group S\u00e0rl si preoccupa della protezione e della riservatezza dei dati personali e si impegna a garantire il massimo livello di protezione dei tuoi dati personali in conformit\u00e0 con la normativa vigente in materia di protezione dei dati personali&hellip;<\/p>\n","protected":false},"author":1,"featured_media":0,"parent":0,"menu_order":0,"comment_status":"open","ping_status":"open","template":"","meta":{"_acf_changed":false,"_habefastfse_class":"","footnotes":""},"class_list":["post-2913","page","type-page","status-publish","hentry"],"acf":[],"yoast_head":"<!-- This site is optimized with the Yoast SEO plugin v27.3 - https:\/\/yoast.com\/product\/yoast-seo-wordpress\/ -->\n<title>Informativa sulla privacy, rivista di benessere | Feel-Well<\/title>\n<meta name=\"description\" content=\"Fell-Well si preoccupa della protezione e della riservatezza dei dati personali e si impegna a garantire il massimo livello di protezione dei tuoi dati personali.\" \/>\n<meta name=\"robots\" content=\"noindex, nofollow\" \/>\n<meta property=\"og:locale\" content=\"it_IT\" \/>\n<meta property=\"og:type\" content=\"article\" \/>\n<meta property=\"og:title\" content=\"Informativa sulla privacy, rivista di benessere | Feel-Well\" \/>\n<meta property=\"og:description\" content=\"Fell-Well si preoccupa della protezione e della riservatezza dei dati personali e si impegna a garantire il massimo livello di protezione dei tuoi dati personali.\" \/>\n<meta property=\"og:url\" content=\"https:\/\/feel-well.ch\/it\/politica-di-protezione-dei-dati-personali\/\" \/>\n<meta property=\"og:site_name\" content=\"Feel Well\" \/>\n<meta property=\"article:modified_time\" content=\"2024-04-27T21:56:45+00:00\" \/>\n<meta name=\"twitter:card\" content=\"summary_large_image\" \/>\n<meta name=\"twitter:label1\" content=\"Tempo di lettura stimato\" \/>\n\t<meta name=\"twitter:data1\" content=\"8 minuti\" \/>\n<script type=\"application\/ld+json\" class=\"yoast-schema-graph\">{\"@context\":\"https:\\\/\\\/schema.org\",\"@graph\":[{\"@type\":\"WebPage\",\"@id\":\"https:\\\/\\\/feel-well.ch\\\/it\\\/politica-di-protezione-dei-dati-personali\\\/\",\"url\":\"https:\\\/\\\/feel-well.ch\\\/it\\\/politica-di-protezione-dei-dati-personali\\\/\",\"name\":\"Informativa sulla privacy, rivista di benessere | Feel-Well\",\"isPartOf\":{\"@id\":\"https:\\\/\\\/feel-well.ch\\\/it\\\/#website\"},\"datePublished\":\"2023-05-08T13:53:05+00:00\",\"dateModified\":\"2024-04-27T21:56:45+00:00\",\"description\":\"Fell-Well si preoccupa della protezione e della riservatezza dei dati personali e si impegna a garantire il massimo livello di protezione dei tuoi dati personali.\",\"breadcrumb\":{\"@id\":\"https:\\\/\\\/feel-well.ch\\\/it\\\/politica-di-protezione-dei-dati-personali\\\/#breadcrumb\"},\"inLanguage\":\"it-IT\",\"potentialAction\":[{\"@type\":\"ReadAction\",\"target\":[\"https:\\\/\\\/feel-well.ch\\\/it\\\/politica-di-protezione-dei-dati-personali\\\/\"]}]},{\"@type\":\"BreadcrumbList\",\"@id\":\"https:\\\/\\\/feel-well.ch\\\/it\\\/politica-di-protezione-dei-dati-personali\\\/#breadcrumb\",\"itemListElement\":[{\"@type\":\"ListItem\",\"position\":1,\"name\":\"Accueil\",\"item\":\"https:\\\/\\\/feel-well.ch\\\/it\\\/\"},{\"@type\":\"ListItem\",\"position\":2,\"name\":\"Politica di protezione dei dati personali\"}]},{\"@type\":\"WebSite\",\"@id\":\"https:\\\/\\\/feel-well.ch\\\/it\\\/#website\",\"url\":\"https:\\\/\\\/feel-well.ch\\\/it\\\/\",\"name\":\"Feel Well\",\"description\":\"\",\"potentialAction\":[{\"@type\":\"SearchAction\",\"target\":{\"@type\":\"EntryPoint\",\"urlTemplate\":\"https:\\\/\\\/feel-well.ch\\\/it\\\/?s={search_term_string}\"},\"query-input\":{\"@type\":\"PropertyValueSpecification\",\"valueRequired\":true,\"valueName\":\"search_term_string\"}}],\"inLanguage\":\"it-IT\"}]}<\/script>\n<!-- \/ Yoast SEO plugin. -->","yoast_head_json":{"title":"Informativa sulla privacy, rivista di benessere | Feel-Well","description":"Fell-Well si preoccupa della protezione e della riservatezza dei dati personali e si impegna a garantire il massimo livello di protezione dei tuoi dati personali.","robots":{"index":"noindex","follow":"nofollow"},"og_locale":"it_IT","og_type":"article","og_title":"Informativa sulla privacy, rivista di benessere | Feel-Well","og_description":"Fell-Well si preoccupa della protezione e della riservatezza dei dati personali e si impegna a garantire il massimo livello di protezione dei tuoi dati personali.","og_url":"https:\/\/feel-well.ch\/it\/politica-di-protezione-dei-dati-personali\/","og_site_name":"Feel Well","article_modified_time":"2024-04-27T21:56:45+00:00","twitter_card":"summary_large_image","twitter_misc":{"Tempo di lettura stimato":"8 minuti"},"schema":{"@context":"https:\/\/schema.org","@graph":[{"@type":"WebPage","@id":"https:\/\/feel-well.ch\/it\/politica-di-protezione-dei-dati-personali\/","url":"https:\/\/feel-well.ch\/it\/politica-di-protezione-dei-dati-personali\/","name":"Informativa sulla privacy, rivista di benessere | Feel-Well","isPartOf":{"@id":"https:\/\/feel-well.ch\/it\/#website"},"datePublished":"2023-05-08T13:53:05+00:00","dateModified":"2024-04-27T21:56:45+00:00","description":"Fell-Well si preoccupa della protezione e della riservatezza dei dati personali e si impegna a garantire il massimo livello di protezione dei tuoi dati personali.","breadcrumb":{"@id":"https:\/\/feel-well.ch\/it\/politica-di-protezione-dei-dati-personali\/#breadcrumb"},"inLanguage":"it-IT","potentialAction":[{"@type":"ReadAction","target":["https:\/\/feel-well.ch\/it\/politica-di-protezione-dei-dati-personali\/"]}]},{"@type":"BreadcrumbList","@id":"https:\/\/feel-well.ch\/it\/politica-di-protezione-dei-dati-personali\/#breadcrumb","itemListElement":[{"@type":"ListItem","position":1,"name":"Accueil","item":"https:\/\/feel-well.ch\/it\/"},{"@type":"ListItem","position":2,"name":"Politica di protezione dei dati personali"}]},{"@type":"WebSite","@id":"https:\/\/feel-well.ch\/it\/#website","url":"https:\/\/feel-well.ch\/it\/","name":"Feel Well","description":"","potentialAction":[{"@type":"SearchAction","target":{"@type":"EntryPoint","urlTemplate":"https:\/\/feel-well.ch\/it\/?s={search_term_string}"},"query-input":{"@type":"PropertyValueSpecification","valueRequired":true,"valueName":"search_term_string"}}],"inLanguage":"it-IT"}]}},"_links":{"self":[{"href":"https:\/\/feel-well.ch\/it\/wp-json\/wp\/v2\/pages\/2913","targetHints":{"allow":["GET"]}}],"collection":[{"href":"https:\/\/feel-well.ch\/it\/wp-json\/wp\/v2\/pages"}],"about":[{"href":"https:\/\/feel-well.ch\/it\/wp-json\/wp\/v2\/types\/page"}],"author":[{"embeddable":true,"href":"https:\/\/feel-well.ch\/it\/wp-json\/wp\/v2\/users\/1"}],"replies":[{"embeddable":true,"href":"https:\/\/feel-well.ch\/it\/wp-json\/wp\/v2\/comments?post=2913"}],"version-history":[{"count":1,"href":"https:\/\/feel-well.ch\/it\/wp-json\/wp\/v2\/pages\/2913\/revisions"}],"predecessor-version":[{"id":2914,"href":"https:\/\/feel-well.ch\/it\/wp-json\/wp\/v2\/pages\/2913\/revisions\/2914"}],"wp:attachment":[{"href":"https:\/\/feel-well.ch\/it\/wp-json\/wp\/v2\/media?parent=2913"}],"curies":[{"name":"wp","href":"https:\/\/api.w.org\/{rel}","templated":true}]}}